{"id":110,"date":"2011-10-29T20:52:56","date_gmt":"2011-10-29T18:52:56","guid":{"rendered":"http:\/\/jhso.cz\/?p=110"},"modified":"2015-03-13T21:59:40","modified_gmt":"2015-03-13T20:59:40","slug":"jan-steyer","status":"publish","type":"page","link":"https:\/\/jhso.cz\/?page_id=110","title":{"rendered":"Jan Steyer"},"content":{"rendered":"<p><!--:CS-->\u00fa\u010din\u00adko\u00adv\u00e1\u00adn\u00ed u&nbsp;orchest\u00adru od: 4.12.2005 do: spolupracuje<br>\n\n\n\t<!-- Slideshow link -->\n\t<\/p><div class=\"slideshowlink\">\n\t\t<a class=\"slideshowlink\" href=\"https:\/\/jhso.cz\/index.php\/nggallery\/slideshow?page_id=110\">\n\t\t\t[Show as slideshow]&nbsp;<\/a>\n\t<\/div>\n\n\n<div id=\"ngg-gallery-8dbe6164d942216dde76b7806011cc27\" class=\"ngg-galleryoverview-fotogalerie\">\n\n<!-- Thumbnails -->\n\n<div id=\"ngg-image-3\" class=\"ngg-gallery-thumbnail-fotogalerie\">\n<a href=\"https:\/\/jhso.cz\/wp-content\/gallery\/dirigenti\/jan_steyer.jpg\" title=\" \" class=\"shutterset_8dbe6164d942216dde76b7806011cc27\" data-image-id=\"3\" data-src=\"https:\/\/jhso.cz\/wp-content\/gallery\/dirigenti\/jan_steyer.jpg\" data-thumbnail=\"https:\/\/jhso.cz\/wp-content\/gallery\/dirigenti\/thumbs\/thumbs_jan_steyer.jpg\" data-title=\"jan_steyer\" data-description=\" \">\n<img title=\"jan_steyer\" alt=\"jan_steyer\" src=\"https:\/\/jhso.cz\/wp-content\/gallery\/dirigenti\/thumbs\/thumbs_jan_steyer.jpg\" width=\"150\" height=\"150\">\n<\/a>\n<\/div>\n<\/div>\n\n\n\n<br>\npoch\u00e1\u00adz\u00ed z&nbsp;Liber\u00adce, stu\u00addu\u00adje obor diri\u00adgo\u00adv\u00e1\u00adn\u00ed na Pra\u017e\u00adsk\u00e9 kon\u00adzer\u00adva\u00adto\u00ad\u0159i ( prof. H. Far\u00adka\u010d, prof. M. Ko\u0161ler ) a&nbsp;z\u00e1ro\u00adve\u0148 je stu\u00adden\u00adtem&nbsp;ve var\u00adhan\u00adn\u00ed t\u0159\u00ed\u00add\u011b Aka\u00adde\u00admie m\u00fazic\u00adk\u00fdch um\u011b\u00adn\u00ed v&nbsp;Pra\u00adze ( prof. J. Popel\u00adka, prof J. T\u016fma&nbsp;). Kro\u00adm\u011b hudeb\u00adn\u011b-peda\u00adgo\u00adgic\u00adk\u00e9 \u010din\u00adnos\u00adti p\u016fso\u00adb\u00ed jako diri\u00adgent Pra\u017e\u00adsk\u00e9\u00adho d\u00edv\u00ad\u010d\u00ed\u00adho sbo\u00adru, Sm\u00ed\u00ad\u0161e\u00adn\u00e9\u00adho sbo\u00adru \u010cVUT, d\u0159\u00ed\u00adve tak\u00e9 um\u011b\u00adlec\u00adk\u00fd vedou\u00adc\u00ed vok\u00e1l\u00adn\u011b-instru\u00admen\u00adt\u00e1l\u00adn\u00ed\u00adho sou\u00adbo\u00adru Colle\u00adgi\u00adum car\u00admi\u00adna antiqua a&nbsp;je \u010din\u00adn\u00fd&nbsp;<span style=\"font-family: arial, helvetica, sans-serif;\">jako<\/span>&nbsp;var\u00adha\u00adn\u00edk Kar\u00adlo\u00advy uni\u00adver\u00adzi\u00adty. V&nbsp;srpnu 2005 \u00fa\u010din\u00adko\u00adval na&nbsp;zn\u00e1\u00adm\u00e9m n\u011bmec\u00adk\u00e9m&nbsp;hudeb\u00adn\u00edm fes\u00adti\u00adva\u00adlu Ber\u00adl\u00adin\u00adfest&nbsp;s&nbsp;\u010ces\u00adkou filharmoni\u00ed.<!--:-->\n","protected":false},"excerpt":{"rendered":"<p>\u00fa\u010din\u00adko\u00adv\u00e1\u00adn\u00ed u&nbsp;orchest\u00adru od: 4.12.2005 do: spo\u00adlu\u00adpra\u00adcu\u00adje poch\u00e1\u00adz\u00ed z&nbsp;Liber\u00adce, stu\u00addu\u00adje obor diri\u00adgo\u00adv\u00e1\u00adn\u00ed na Pra\u017e\u00adsk\u00e9 kon\u00adzer\u00adva\u00adto\u00ad\u0159i ( prof. H. Far\u00adka\u010d, prof. M. Ko\u0161ler ) a&nbsp;z\u00e1ro\u00adve\u0148 je stu\u00adden\u00adtem&nbsp;ve var\u00adhan\u00adn\u00ed t\u0159\u00ed\u00add\u011b Aka\u00adde\u00admie m\u00fazic\u00adk\u00fdch um\u011b\u00adn\u00ed v&nbsp;Pra\u00adze ( prof. J. Popel\u00adka, prof J. T\u016fma&nbsp;). Kro\u00adm\u011b hude\u00adb\u00ad\u00adn\u011b-peda\u00ad\u00ad\u00adgo\u00ad\u00ad\u00adgic\u00ad\u00adk\u00e9 <a class=\"more-link\" href=\"https:\/\/jhso.cz\/?page_id=110\">Con\u00adti\u00adnue rea\u00adding <span class=\"meta-nav\">\u2192<\/span><\/a><\/p>\n","protected":false},"author":1,"featured_media":0,"parent":15,"menu_order":59,"comment_status":"closed","ping_status":"closed","template":"","meta":{"wp_typography_post_enhancements_disabled":false,"ngg_post_thumbnail":0,"footnotes":""},"tags":[41],"_links":{"self":[{"href":"https:\/\/jhso.cz\/index.php?rest_route=\/wp\/v2\/pages\/110"}],"collection":[{"href":"https:\/\/jhso.cz\/index.php?rest_route=\/wp\/v2\/pages"}],"about":[{"href":"https:\/\/jhso.cz\/index.php?rest_route=\/wp\/v2\/types\/page"}],"author":[{"embeddable":true,"href":"https:\/\/jhso.cz\/index.php?rest_route=\/wp\/v2\/users\/1"}],"replies":[{"embeddable":true,"href":"https:\/\/jhso.cz\/index.php?rest_route=%2Fwp%2Fv2%2Fcomments&post=110"}],"version-history":[{"count":6,"href":"https:\/\/jhso.cz\/index.php?rest_route=\/wp\/v2\/pages\/110\/revisions"}],"predecessor-version":[{"id":2343,"href":"https:\/\/jhso.cz\/index.php?rest_route=\/wp\/v2\/pages\/110\/revisions\/2343"}],"up":[{"embeddable":true,"href":"https:\/\/jhso.cz\/index.php?rest_route=\/wp\/v2\/pages\/15"}],"wp:attachment":[{"href":"https:\/\/jhso.cz\/index.php?rest_route=%2Fwp%2Fv2%2Fmedia&parent=110"}],"wp:term":[{"taxonomy":"post_tag","embeddable":true,"href":"https:\/\/jhso.cz\/index.php?rest_route=%2Fwp%2Fv2%2Ftags&post=110"}],"curies":[{"name":"wp","href":"https:\/\/api.w.org\/{rel}","templated":true}]}}